{"id":480,"date":"2021-07-14T04:14:32","date_gmt":"2021-07-14T04:14:32","guid":{"rendered":"http:\/\/elcensornoticias.com\/?page_id=480"},"modified":"2021-12-15T02:32:58","modified_gmt":"2021-12-15T02:32:58","slug":"congreso","status":"publish","type":"page","link":"http:\/\/elcensornoticias.com\/?page_id=480","title":{"rendered":"CONGRESO"},"content":{"rendered":"<ul class=\"wp-block-latest-posts__list has-dates has-author wp-block-latest-posts\"><li><div class=\"wp-block-latest-posts__featured-image alignleft\"><a href=\"http:\/\/elcensornoticias.com\/?p=57052\" aria-label=\"Reforma constitucional para expedir ley general en materia de feminicidio\"><img loading=\"lazy\" decoding=\"async\" width=\"300\" height=\"200\" src=\"http:\/\/elcensornoticias.com\/wp-content\/uploads\/2026\/04\/WhatsApp-Image-2026-04-23-at-11.52.29-300x200.jpeg\" class=\"attachment-medium size-medium wp-post-image\" alt=\"\" style=\"\" srcset=\"http:\/\/elcensornoticias.com\/wp-content\/uploads\/2026\/04\/WhatsApp-Image-2026-04-23-at-11.52.29-300x200.jpeg 300w, http:\/\/elcensornoticias.com\/wp-content\/uploads\/2026\/04\/WhatsApp-Image-2026-04-23-at-11.52.29.jpeg 600w\" sizes=\"auto, (max-width: 300px) 100vw, 300px\" \/><\/a><\/div><a class=\"wp-block-latest-posts__post-title\" href=\"http:\/\/elcensornoticias.com\/?p=57052\">Reforma constitucional para expedir ley general en materia de feminicidio<\/a><div class=\"wp-block-latest-posts__post-author\">por elcensornoticias<\/div><time datetime=\"2026-04-24T01:53:31+00:00\" class=\"wp-block-latest-posts__post-date\">abril 24, 2026<\/time><div class=\"wp-block-latest-posts__post-excerpt\">Congreso de Tlaxcala se suma a la agenda de Claudia Sheinbaum en materia de feminicidio. En sesi\u00f3n extraordinaria, las y los legisladores que integran la LXV Legislatura del Congreso del&#8230; <a class=\"wp-block-latest-posts__read-more\" href=\"http:\/\/elcensornoticias.com\/?p=57052\" rel=\"noopener noreferrer\">Lee m\u00e1s<span class=\"screen-reader-text\">: Reforma constitucional para expedir ley general en materia de feminicidio<\/span><\/a><\/div><\/li>\n<li><div class=\"wp-block-latest-posts__featured-image alignleft\"><a href=\"http:\/\/elcensornoticias.com\/?p=57049\" aria-label=\"Fortalecer marco legal para mejorar la atenci\u00f3n y orientaci\u00f3n tur\u00edstica en Tlaxcala\"><img loading=\"lazy\" decoding=\"async\" width=\"300\" height=\"200\" src=\"http:\/\/elcensornoticias.com\/wp-content\/uploads\/2026\/04\/Image-2026-04-23-at-10.55.09-1-300x200.jpeg\" class=\"attachment-medium size-medium wp-post-image\" alt=\"\" style=\"\" srcset=\"http:\/\/elcensornoticias.com\/wp-content\/uploads\/2026\/04\/Image-2026-04-23-at-10.55.09-1-300x200.jpeg 300w, http:\/\/elcensornoticias.com\/wp-content\/uploads\/2026\/04\/Image-2026-04-23-at-10.55.09-1.jpeg 600w\" sizes=\"auto, (max-width: 300px) 100vw, 300px\" \/><\/a><\/div><a class=\"wp-block-latest-posts__post-title\" href=\"http:\/\/elcensornoticias.com\/?p=57049\">Fortalecer marco legal para mejorar la atenci\u00f3n y orientaci\u00f3n tur\u00edstica en Tlaxcala<\/a><div class=\"wp-block-latest-posts__post-author\">por elcensornoticias<\/div><time datetime=\"2026-04-24T01:50:06+00:00\" class=\"wp-block-latest-posts__post-date\">abril 24, 2026<\/time><div class=\"wp-block-latest-posts__post-excerpt\">En el marco de la sesi\u00f3n ordinaria de este d\u00eda, la diputada Soraya Noemi Bocardo Phillips, integrante de la LXV Legislatura del Congreso del Estado, present\u00f3 la Iniciativa con Proyecto&#8230; <a class=\"wp-block-latest-posts__read-more\" href=\"http:\/\/elcensornoticias.com\/?p=57049\" rel=\"noopener noreferrer\">Lee m\u00e1s<span class=\"screen-reader-text\">: Fortalecer marco legal para mejorar la atenci\u00f3n y orientaci\u00f3n tur\u00edstica en Tlaxcala<\/span><\/a><\/div><\/li>\n<li><div class=\"wp-block-latest-posts__featured-image alignleft\"><a href=\"http:\/\/elcensornoticias.com\/?p=57046\" aria-label=\"Comisiones especiales para atender solicitud de juicios pol\u00edticos y procedimiento de revocaci\u00f3n de mandato\"><img loading=\"lazy\" decoding=\"async\" width=\"300\" height=\"200\" src=\"http:\/\/elcensornoticias.com\/wp-content\/uploads\/2026\/04\/Image-2026-04-23-at-10.55.09-300x200.jpeg\" class=\"attachment-medium size-medium wp-post-image\" alt=\"\" style=\"\" srcset=\"http:\/\/elcensornoticias.com\/wp-content\/uploads\/2026\/04\/Image-2026-04-23-at-10.55.09-300x200.jpeg 300w, http:\/\/elcensornoticias.com\/wp-content\/uploads\/2026\/04\/Image-2026-04-23-at-10.55.09.jpeg 600w\" sizes=\"auto, (max-width: 300px) 100vw, 300px\" \/><\/a><\/div><a class=\"wp-block-latest-posts__post-title\" href=\"http:\/\/elcensornoticias.com\/?p=57046\">Comisiones especiales para atender solicitud de juicios pol\u00edticos y procedimiento de revocaci\u00f3n de mandato<\/a><div class=\"wp-block-latest-posts__post-author\">por elcensornoticias<\/div><time datetime=\"2026-04-24T01:48:22+00:00\" class=\"wp-block-latest-posts__post-date\">abril 24, 2026<\/time><div class=\"wp-block-latest-posts__post-excerpt\">Las y los diputados integrantes de la LXV Legislatura del Congreso del Estado aprobaron por unanimidad los Proyectos de Acuerdo presentados por la Mesa Directiva, mediante los cuales se determin\u00f3&#8230; <a class=\"wp-block-latest-posts__read-more\" href=\"http:\/\/elcensornoticias.com\/?p=57046\" rel=\"noopener noreferrer\">Lee m\u00e1s<span class=\"screen-reader-text\">: Comisiones especiales para atender solicitud de juicios pol\u00edticos y procedimiento de revocaci\u00f3n de mandato<\/span><\/a><\/div><\/li>\n<li><div class=\"wp-block-latest-posts__featured-image alignleft\"><a href=\"http:\/\/elcensornoticias.com\/?p=57043\" aria-label=\"Reforma para agilizar tr\u00e1mites de defunci\u00f3n en Tlaxcala\"><img loading=\"lazy\" decoding=\"async\" width=\"300\" height=\"200\" src=\"http:\/\/elcensornoticias.com\/wp-content\/uploads\/2026\/04\/Image-2026-04-23-at-10.38.48-300x200.jpeg\" class=\"attachment-medium size-medium wp-post-image\" alt=\"\" style=\"\" srcset=\"http:\/\/elcensornoticias.com\/wp-content\/uploads\/2026\/04\/Image-2026-04-23-at-10.38.48-300x200.jpeg 300w, http:\/\/elcensornoticias.com\/wp-content\/uploads\/2026\/04\/Image-2026-04-23-at-10.38.48.jpeg 600w\" sizes=\"auto, (max-width: 300px) 100vw, 300px\" \/><\/a><\/div><a class=\"wp-block-latest-posts__post-title\" href=\"http:\/\/elcensornoticias.com\/?p=57043\">Reforma para agilizar tr\u00e1mites de defunci\u00f3n en Tlaxcala<\/a><div class=\"wp-block-latest-posts__post-author\">por elcensornoticias<\/div><time datetime=\"2026-04-24T01:45:56+00:00\" class=\"wp-block-latest-posts__post-date\">abril 24, 2026<\/time><div class=\"wp-block-latest-posts__post-excerpt\">En sesi\u00f3n ordinaria del Pleno, el diputado David Mart\u00ednez del Razo, present\u00f3 la Iniciativa con Proyecto de Decreto para reformar los art\u00edculos 629 y 630 del C\u00f3digo Civil del Estado&#8230; <a class=\"wp-block-latest-posts__read-more\" href=\"http:\/\/elcensornoticias.com\/?p=57043\" rel=\"noopener noreferrer\">Lee m\u00e1s<span class=\"screen-reader-text\">: Reforma para agilizar tr\u00e1mites de defunci\u00f3n en Tlaxcala<\/span><\/a><\/div><\/li>\n<li><div class=\"wp-block-latest-posts__featured-image alignleft\"><a href=\"http:\/\/elcensornoticias.com\/?p=56996\" aria-label=\"LXV Legislatura fortalece sanciones contra el abuso sexual en Tlaxcala\"><img loading=\"lazy\" decoding=\"async\" width=\"300\" height=\"200\" src=\"http:\/\/elcensornoticias.com\/wp-content\/uploads\/2026\/04\/WhatsApp-Image-2026.-04-16-at-13.40.23-300x200.jpeg\" class=\"attachment-medium size-medium wp-post-image\" alt=\"\" style=\"\" srcset=\"http:\/\/elcensornoticias.com\/wp-content\/uploads\/2026\/04\/WhatsApp-Image-2026.-04-16-at-13.40.23-300x200.jpeg 300w, http:\/\/elcensornoticias.com\/wp-content\/uploads\/2026\/04\/WhatsApp-Image-2026.-04-16-at-13.40.23.jpeg 600w\" sizes=\"auto, (max-width: 300px) 100vw, 300px\" \/><\/a><\/div><a class=\"wp-block-latest-posts__post-title\" href=\"http:\/\/elcensornoticias.com\/?p=56996\">LXV Legislatura fortalece sanciones contra el abuso sexual en Tlaxcala<\/a><div class=\"wp-block-latest-posts__post-author\">por elcensornoticias<\/div><time datetime=\"2026-04-17T01:41:05+00:00\" class=\"wp-block-latest-posts__post-date\">abril 17, 2026<\/time><div class=\"wp-block-latest-posts__post-excerpt\">Las y los diputados integrantes de la LXV Legislatura del Congreso del Estado aprobaron por unanimidad el Dictamen con Proyecto de Decreto por el que se reforman los art\u00edculos 290,&#8230; <a class=\"wp-block-latest-posts__read-more\" href=\"http:\/\/elcensornoticias.com\/?p=56996\" rel=\"noopener noreferrer\">Lee m\u00e1s<span class=\"screen-reader-text\">: LXV Legislatura fortalece sanciones contra el abuso sexual en Tlaxcala<\/span><\/a><\/div><\/li>\n<li><div class=\"wp-block-latest-posts__featured-image alignleft\"><a href=\"http:\/\/elcensornoticias.com\/?p=56986\" aria-label=\"Fortalecer regulaci\u00f3n de centros de rehabilitaci\u00f3n en Tlaxcala\"><img loading=\"lazy\" decoding=\"async\" width=\"300\" height=\"200\" src=\"http:\/\/elcensornoticias.com\/wp-content\/uploads\/2026\/04\/WhatsApp-Image-2026-04-16-at-10.40.29-300x200.jpeg\" class=\"attachment-medium size-medium wp-post-image\" alt=\"\" style=\"\" srcset=\"http:\/\/elcensornoticias.com\/wp-content\/uploads\/2026\/04\/WhatsApp-Image-2026-04-16-at-10.40.29-300x200.jpeg 300w, http:\/\/elcensornoticias.com\/wp-content\/uploads\/2026\/04\/WhatsApp-Image-2026-04-16-at-10.40.29.jpeg 600w\" sizes=\"auto, (max-width: 300px) 100vw, 300px\" \/><\/a><\/div><a class=\"wp-block-latest-posts__post-title\" href=\"http:\/\/elcensornoticias.com\/?p=56986\">Fortalecer regulaci\u00f3n de centros de rehabilitaci\u00f3n en Tlaxcala<\/a><div class=\"wp-block-latest-posts__post-author\">por elcensornoticias<\/div><time datetime=\"2026-04-17T01:32:46+00:00\" class=\"wp-block-latest-posts__post-date\">abril 17, 2026<\/time><div class=\"wp-block-latest-posts__post-excerpt\">En sesi\u00f3n ordinaria del Congreso del Estado, la diputada Gabriela Hern\u00e1ndez Islas, present\u00f3 ante el Pleno la Iniciativa para reformar la Ley de Salud Mental y del Comportamiento Adictivo del&#8230; <a class=\"wp-block-latest-posts__read-more\" href=\"http:\/\/elcensornoticias.com\/?p=56986\" rel=\"noopener noreferrer\">Lee m\u00e1s<span class=\"screen-reader-text\">: Fortalecer regulaci\u00f3n de centros de rehabilitaci\u00f3n en Tlaxcala<\/span><\/a><\/div><\/li>\n<li><div class=\"wp-block-latest-posts__featured-image alignleft\"><a href=\"http:\/\/elcensornoticias.com\/?p=56934\" aria-label=\"Arranca colecta de la Cruz Roja en el Congreso de Tlaxcala\"><img loading=\"lazy\" decoding=\"async\" width=\"300\" height=\"200\" src=\"http:\/\/elcensornoticias.com\/wp-content\/uploads\/2026\/04\/WhatsApp-Image-2026-04-14-at-14.49.09-300x200.jpeg\" class=\"attachment-medium size-medium wp-post-image\" alt=\"\" style=\"\" srcset=\"http:\/\/elcensornoticias.com\/wp-content\/uploads\/2026\/04\/WhatsApp-Image-2026-04-14-at-14.49.09-300x200.jpeg 300w, http:\/\/elcensornoticias.com\/wp-content\/uploads\/2026\/04\/WhatsApp-Image-2026-04-14-at-14.49.09.jpeg 600w\" sizes=\"auto, (max-width: 300px) 100vw, 300px\" \/><\/a><\/div><a class=\"wp-block-latest-posts__post-title\" href=\"http:\/\/elcensornoticias.com\/?p=56934\">Arranca colecta de la Cruz Roja en el Congreso de Tlaxcala<\/a><div class=\"wp-block-latest-posts__post-author\">por elcensornoticias<\/div><time datetime=\"2026-04-15T00:29:37+00:00\" class=\"wp-block-latest-posts__post-date\">abril 15, 2026<\/time><div class=\"wp-block-latest-posts__post-excerpt\">En el Patio Vitral del Congreso del Estado dio inicio la Colecta Anual de la Cruz Roja Mexicana, en una ceremonia encabezada por el presidente de la Mesa Directiva, David&#8230; <a class=\"wp-block-latest-posts__read-more\" href=\"http:\/\/elcensornoticias.com\/?p=56934\" rel=\"noopener noreferrer\">Lee m\u00e1s<span class=\"screen-reader-text\">: Arranca colecta de la Cruz Roja en el Congreso de Tlaxcala<\/span><\/a><\/div><\/li>\n<li><div class=\"wp-block-latest-posts__featured-image alignleft\"><a href=\"http:\/\/elcensornoticias.com\/?p=56930\" aria-label=\"Impulsa H\u00e9ctor Ortiz est\u00edmulos al arte\"><img loading=\"lazy\" decoding=\"async\" width=\"300\" height=\"200\" src=\"http:\/\/elcensornoticias.com\/wp-content\/uploads\/2026\/04\/WhatsApp-Image-.2026-04-14-at-10.47.12-300x200.jpeg\" class=\"attachment-medium size-medium wp-post-image\" alt=\"\" style=\"\" srcset=\"http:\/\/elcensornoticias.com\/wp-content\/uploads\/2026\/04\/WhatsApp-Image-.2026-04-14-at-10.47.12-300x200.jpeg 300w, http:\/\/elcensornoticias.com\/wp-content\/uploads\/2026\/04\/WhatsApp-Image-.2026-04-14-at-10.47.12.jpeg 600w\" sizes=\"auto, (max-width: 300px) 100vw, 300px\" \/><\/a><\/div><a class=\"wp-block-latest-posts__post-title\" href=\"http:\/\/elcensornoticias.com\/?p=56930\">Impulsa H\u00e9ctor Ortiz est\u00edmulos al arte<\/a><div class=\"wp-block-latest-posts__post-author\">por elcensornoticias<\/div><time datetime=\"2026-04-15T00:22:37+00:00\" class=\"wp-block-latest-posts__post-date\">abril 15, 2026<\/time><div class=\"wp-block-latest-posts__post-excerpt\">Durante la sesi\u00f3n ordinaria de este martes, el diputado H\u00e9ctor Israel Ortiz Ortiz present\u00f3 ante el Pleno del Congreso del Estado de Tlaxcala la Iniciativa orientada a fortalecer la promoci\u00f3n&#8230; <a class=\"wp-block-latest-posts__read-more\" href=\"http:\/\/elcensornoticias.com\/?p=56930\" rel=\"noopener noreferrer\">Lee m\u00e1s<span class=\"screen-reader-text\">: Impulsa H\u00e9ctor Ortiz est\u00edmulos al arte<\/span><\/a><\/div><\/li>\n<li><div class=\"wp-block-latest-posts__featured-image alignleft\"><a href=\"http:\/\/elcensornoticias.com\/?p=56927\" aria-label=\"Ajustar plazos de registro de candidaturas para garantizar equidad en procesos electorales\"><img loading=\"lazy\" decoding=\"async\" width=\"300\" height=\"201\" src=\"http:\/\/elcensornoticias.com\/wp-content\/uploads\/2026\/04\/WhatsApp-Image-2026-.04-14-at-14.34.21-300x201.jpeg\" class=\"attachment-medium size-medium wp-post-image\" alt=\"\" style=\"\" srcset=\"http:\/\/elcensornoticias.com\/wp-content\/uploads\/2026\/04\/WhatsApp-Image-2026-.04-14-at-14.34.21-300x201.jpeg 300w, http:\/\/elcensornoticias.com\/wp-content\/uploads\/2026\/04\/WhatsApp-Image-2026-.04-14-at-14.34.21.jpeg 600w\" sizes=\"auto, (max-width: 300px) 100vw, 300px\" \/><\/a><\/div><a class=\"wp-block-latest-posts__post-title\" href=\"http:\/\/elcensornoticias.com\/?p=56927\">Ajustar plazos de registro de candidaturas para garantizar equidad en procesos electorales<\/a><div class=\"wp-block-latest-posts__post-author\">por elcensornoticias<\/div><time datetime=\"2026-04-15T00:19:45+00:00\" class=\"wp-block-latest-posts__post-date\">abril 15, 2026<\/time><div class=\"wp-block-latest-posts__post-excerpt\">El diputado Bladimir Zainos Flores present\u00f3 ante el Pleno del Congreso del Estado de Tlaxcala la Iniciativa con Proyecto de Decreto para reformar y adicionar diversas disposiciones de la Ley&#8230; <a class=\"wp-block-latest-posts__read-more\" href=\"http:\/\/elcensornoticias.com\/?p=56927\" rel=\"noopener noreferrer\">Lee m\u00e1s<span class=\"screen-reader-text\">: Ajustar plazos de registro de candidaturas para garantizar equidad en procesos electorales<\/span><\/a><\/div><\/li>\n<li><div class=\"wp-block-latest-posts__featured-image alignleft\"><a href=\"http:\/\/elcensornoticias.com\/?p=56887\" aria-label=\"Represi\u00f3n en Nanacamilpa evidencia el fracaso de la pol\u00edtica de seguridad y gobierno en Tlaxcala: Blanca \u00c1guila\"><img loading=\"lazy\" decoding=\"async\" width=\"300\" height=\"200\" src=\"http:\/\/elcensornoticias.com\/wp-content\/uploads\/2026\/04\/1-300x200.jpg\" class=\"attachment-medium size-medium wp-post-image\" alt=\"\" style=\"\" srcset=\"http:\/\/elcensornoticias.com\/wp-content\/uploads\/2026\/04\/1-300x200.jpg 300w, http:\/\/elcensornoticias.com\/wp-content\/uploads\/2026\/04\/1-1024x684.jpg 1024w, http:\/\/elcensornoticias.com\/wp-content\/uploads\/2026\/04\/1-768x513.jpg 768w, http:\/\/elcensornoticias.com\/wp-content\/uploads\/2026\/04\/1-1536x1027.jpg 1536w, http:\/\/elcensornoticias.com\/wp-content\/uploads\/2026\/04\/1-900x600.jpg 900w, http:\/\/elcensornoticias.com\/wp-content\/uploads\/2026\/04\/1.jpg 1616w\" sizes=\"auto, (max-width: 300px) 100vw, 300px\" \/><\/a><\/div><a class=\"wp-block-latest-posts__post-title\" href=\"http:\/\/elcensornoticias.com\/?p=56887\">Represi\u00f3n en Nanacamilpa evidencia el fracaso de la pol\u00edtica de seguridad y gobierno en Tlaxcala: Blanca \u00c1guila<\/a><div class=\"wp-block-latest-posts__post-author\">por elcensornoticias<\/div><time datetime=\"2026-04-07T22:50:40+00:00\" class=\"wp-block-latest-posts__post-date\">abril 7, 2026<\/time><div class=\"wp-block-latest-posts__post-excerpt\">La diputada local independiente Blanca \u00c1guila Lima, calific\u00f3 como lamentable y condenable la violenta represi\u00f3n ejercida esta ma\u00f1ana por el gobierno del estado de Tlaxcala contra un grupo de campesinos&#8230; <a class=\"wp-block-latest-posts__read-more\" href=\"http:\/\/elcensornoticias.com\/?p=56887\" rel=\"noopener noreferrer\">Lee m\u00e1s<span class=\"screen-reader-text\">: Represi\u00f3n en Nanacamilpa evidencia el fracaso de la pol\u00edtica de seguridad y gobierno en Tlaxcala: Blanca \u00c1guila<\/span><\/a><\/div><\/li>\n<li><div class=\"wp-block-latest-posts__featured-image alignleft\"><a href=\"http:\/\/elcensornoticias.com\/?p=56884\" aria-label=\"Crear Ley de Responsabilidad Vial y Protecci\u00f3n contra da\u00f1os por infraestructura p\u00fablica\"><img loading=\"lazy\" decoding=\"async\" width=\"300\" height=\"200\" src=\"http:\/\/elcensornoticias.com\/wp-content\/uploads\/2026\/04\/WhatsApp-Image-2026-004-07-at-10.39.25-300x200.jpeg\" class=\"attachment-medium size-medium wp-post-image\" alt=\"\" style=\"\" srcset=\"http:\/\/elcensornoticias.com\/wp-content\/uploads\/2026\/04\/WhatsApp-Image-2026-004-07-at-10.39.25-300x200.jpeg 300w, http:\/\/elcensornoticias.com\/wp-content\/uploads\/2026\/04\/WhatsApp-Image-2026-004-07-at-10.39.25.jpeg 600w\" sizes=\"auto, (max-width: 300px) 100vw, 300px\" \/><\/a><\/div><a class=\"wp-block-latest-posts__post-title\" href=\"http:\/\/elcensornoticias.com\/?p=56884\">Crear Ley de Responsabilidad Vial y Protecci\u00f3n contra da\u00f1os por infraestructura p\u00fablica<\/a><div class=\"wp-block-latest-posts__post-author\">por elcensornoticias<\/div><time datetime=\"2026-04-07T22:47:42+00:00\" class=\"wp-block-latest-posts__post-date\">abril 7, 2026<\/time><div class=\"wp-block-latest-posts__post-excerpt\">En el desarrollo de la vig\u00e9sima tercera Sesi\u00f3n Ordinaria del Congreso del Estado, la diputada Maribel Cervantes Hern\u00e1ndez, present\u00f3 ante el Pleno la Iniciativa con Proyecto de Ley para crear&#8230; <a class=\"wp-block-latest-posts__read-more\" href=\"http:\/\/elcensornoticias.com\/?p=56884\" rel=\"noopener noreferrer\">Lee m\u00e1s<span class=\"screen-reader-text\">: Crear Ley de Responsabilidad Vial y Protecci\u00f3n contra da\u00f1os por infraestructura p\u00fablica<\/span><\/a><\/div><\/li>\n<li><div class=\"wp-block-latest-posts__featured-image alignleft\"><a href=\"http:\/\/elcensornoticias.com\/?p=56880\" aria-label=\"Reforma al C\u00f3digo Civil para eliminar lenguaje discriminatorio\"><img loading=\"lazy\" decoding=\"async\" width=\"300\" height=\"200\" src=\"http:\/\/elcensornoticias.com\/wp-content\/uploads\/2026\/04\/WhatsApp-Image-2026-04-07-at-10.38.37-300x200.jpeg\" class=\"attachment-medium size-medium wp-post-image\" alt=\"\" style=\"\" srcset=\"http:\/\/elcensornoticias.com\/wp-content\/uploads\/2026\/04\/WhatsApp-Image-2026-04-07-at-10.38.37-300x200.jpeg 300w, http:\/\/elcensornoticias.com\/wp-content\/uploads\/2026\/04\/WhatsApp-Image-2026-04-07-at-10.38.37.jpeg 600w\" sizes=\"auto, (max-width: 300px) 100vw, 300px\" \/><\/a><\/div><a class=\"wp-block-latest-posts__post-title\" href=\"http:\/\/elcensornoticias.com\/?p=56880\">Reforma al C\u00f3digo Civil para eliminar lenguaje discriminatorio<\/a><div class=\"wp-block-latest-posts__post-author\">por elcensornoticias<\/div><time datetime=\"2026-04-07T22:45:02+00:00\" class=\"wp-block-latest-posts__post-date\">abril 7, 2026<\/time><div class=\"wp-block-latest-posts__post-excerpt\">En sesi\u00f3n ordinaria de este d\u00eda, el diputado Vicente Morales P\u00e9rez present\u00f3 ante el Pleno del Congreso del Estado la Iniciativa para reformar el C\u00f3digo Civil para el Estado Libre&#8230; <a class=\"wp-block-latest-posts__read-more\" href=\"http:\/\/elcensornoticias.com\/?p=56880\" rel=\"noopener noreferrer\">Lee m\u00e1s<span class=\"screen-reader-text\">: Reforma al C\u00f3digo Civil para eliminar lenguaje discriminatorio<\/span><\/a><\/div><\/li>\n<li><div class=\"wp-block-latest-posts__featured-image alignleft\"><a href=\"http:\/\/elcensornoticias.com\/?p=56844\" aria-label=\"Ampliar espacios de estacionamiento para personas con discapacidad y movilidad limitada\"><img loading=\"lazy\" decoding=\"async\" width=\"300\" height=\"200\" src=\"http:\/\/elcensornoticias.com\/wp-content\/uploads\/2026\/03\/463f501b-30e4-4f60-bf24-9b3fd479e5ef-300x200.jpg\" class=\"attachment-medium size-medium wp-post-image\" alt=\"\" style=\"\" srcset=\"http:\/\/elcensornoticias.com\/wp-content\/uploads\/2026\/03\/463f501b-30e4-4f60-bf24-9b3fd479e5ef-300x200.jpg 300w, http:\/\/elcensornoticias.com\/wp-content\/uploads\/2026\/03\/463f501b-30e4-4f60-bf24-9b3fd479e5ef-1024x684.jpg 1024w, http:\/\/elcensornoticias.com\/wp-content\/uploads\/2026\/03\/463f501b-30e4-4f60-bf24-9b3fd479e5ef-768x513.jpg 768w, http:\/\/elcensornoticias.com\/wp-content\/uploads\/2026\/03\/463f501b-30e4-4f60-bf24-9b3fd479e5ef-900x600.jpg 900w, http:\/\/elcensornoticias.com\/wp-content\/uploads\/2026\/03\/463f501b-30e4-4f60-bf24-9b3fd479e5ef.jpg 1280w\" sizes=\"auto, (max-width: 300px) 100vw, 300px\" \/><\/a><\/div><a class=\"wp-block-latest-posts__post-title\" href=\"http:\/\/elcensornoticias.com\/?p=56844\">Ampliar espacios de estacionamiento para personas con discapacidad y movilidad limitada<\/a><div class=\"wp-block-latest-posts__post-author\">por elcensornoticias<\/div><time datetime=\"2026-03-31T23:15:53+00:00\" class=\"wp-block-latest-posts__post-date\">marzo 31, 2026<\/time><div class=\"wp-block-latest-posts__post-excerpt\">La diputada Gabriela Hern\u00e1ndez Islas present\u00f3 ante el Pleno del Congreso del Estado la Iniciativa con Proyecto de Acuerdo para exhortar a las autoridades municipales a destinar o incrementar espacios&#8230; <a class=\"wp-block-latest-posts__read-more\" href=\"http:\/\/elcensornoticias.com\/?p=56844\" rel=\"noopener noreferrer\">Lee m\u00e1s<span class=\"screen-reader-text\">: Ampliar espacios de estacionamiento para personas con discapacidad y movilidad limitada<\/span><\/a><\/div><\/li>\n<li><div class=\"wp-block-latest-posts__featured-image alignleft\"><a href=\"http:\/\/elcensornoticias.com\/?p=56772\" aria-label=\"Ley de Protecci\u00f3n a la Lactancia Materna en Tlaxcala\"><img loading=\"lazy\" decoding=\"async\" width=\"300\" height=\"200\" src=\"http:\/\/elcensornoticias.com\/wp-content\/uploads\/2026\/03\/27fe48a4-fd12-4045-baa9-e3f2a245ced6-300x200.jpg\" class=\"attachment-medium size-medium wp-post-image\" alt=\"\" style=\"\" srcset=\"http:\/\/elcensornoticias.com\/wp-content\/uploads\/2026\/03\/27fe48a4-fd12-4045-baa9-e3f2a245ced6-300x200.jpg 300w, http:\/\/elcensornoticias.com\/wp-content\/uploads\/2026\/03\/27fe48a4-fd12-4045-baa9-e3f2a245ced6-1024x684.jpg 1024w, http:\/\/elcensornoticias.com\/wp-content\/uploads\/2026\/03\/27fe48a4-fd12-4045-baa9-e3f2a245ced6-768x513.jpg 768w, http:\/\/elcensornoticias.com\/wp-content\/uploads\/2026\/03\/27fe48a4-fd12-4045-baa9-e3f2a245ced6-900x600.jpg 900w, http:\/\/elcensornoticias.com\/wp-content\/uploads\/2026\/03\/27fe48a4-fd12-4045-baa9-e3f2a245ced6.jpg 1280w\" sizes=\"auto, (max-width: 300px) 100vw, 300px\" \/><\/a><\/div><a class=\"wp-block-latest-posts__post-title\" href=\"http:\/\/elcensornoticias.com\/?p=56772\">Ley de Protecci\u00f3n a la Lactancia Materna en Tlaxcala<\/a><div class=\"wp-block-latest-posts__post-author\">por elcensornoticias<\/div><time datetime=\"2026-03-27T01:06:00+00:00\" class=\"wp-block-latest-posts__post-date\">marzo 27, 2026<\/time><div class=\"wp-block-latest-posts__post-excerpt\">Durante la sesi\u00f3n ordinaria del Congreso del Estado, el diputado Miguel \u00c1ngel Caballero Yonca present\u00f3 ante el Pleno la Iniciativa para expedir la Ley de Protecci\u00f3n a la Lactancia Materna&#8230; <a class=\"wp-block-latest-posts__read-more\" href=\"http:\/\/elcensornoticias.com\/?p=56772\" rel=\"noopener noreferrer\">Lee m\u00e1s<span class=\"screen-reader-text\">: Ley de Protecci\u00f3n a la Lactancia Materna en Tlaxcala<\/span><\/a><\/div><\/li>\n<li><div class=\"wp-block-latest-posts__featured-image alignleft\"><a href=\"http:\/\/elcensornoticias.com\/?p=56766\" aria-label=\"Fortalecer el marco legal para prevenir y sancionar la violencia obst\u00e9trica en Tlaxcala\"><img loading=\"lazy\" decoding=\"async\" width=\"300\" height=\"200\" src=\"http:\/\/elcensornoticias.com\/wp-content\/uploads\/2026\/03\/8b42a9a4-c653-42f9-98c5-56b962903355-300x200.jpg\" class=\"attachment-medium size-medium wp-post-image\" alt=\"\" style=\"\" srcset=\"http:\/\/elcensornoticias.com\/wp-content\/uploads\/2026\/03\/8b42a9a4-c653-42f9-98c5-56b962903355-300x200.jpg 300w, http:\/\/elcensornoticias.com\/wp-content\/uploads\/2026\/03\/8b42a9a4-c653-42f9-98c5-56b962903355-1024x684.jpg 1024w, http:\/\/elcensornoticias.com\/wp-content\/uploads\/2026\/03\/8b42a9a4-c653-42f9-98c5-56b962903355-768x513.jpg 768w, http:\/\/elcensornoticias.com\/wp-content\/uploads\/2026\/03\/8b42a9a4-c653-42f9-98c5-56b962903355-900x600.jpg 900w, http:\/\/elcensornoticias.com\/wp-content\/uploads\/2026\/03\/8b42a9a4-c653-42f9-98c5-56b962903355.jpg 1280w\" sizes=\"auto, (max-width: 300px) 100vw, 300px\" \/><\/a><\/div><a class=\"wp-block-latest-posts__post-title\" href=\"http:\/\/elcensornoticias.com\/?p=56766\">Fortalecer el marco legal para prevenir y sancionar la violencia obst\u00e9trica en Tlaxcala<\/a><div class=\"wp-block-latest-posts__post-author\">por elcensornoticias<\/div><time datetime=\"2026-03-27T01:00:48+00:00\" class=\"wp-block-latest-posts__post-date\">marzo 27, 2026<\/time><div class=\"wp-block-latest-posts__post-excerpt\">En el desarrollo de la vig\u00e9sima primera Sesi\u00f3n Ordinaria, la diputada Lorena Ruiz Garc\u00eda present\u00f3 ante el Pleno del Congreso del Estado la Iniciativa con Proyecto de Decreto para adicionar&#8230; <a class=\"wp-block-latest-posts__read-more\" href=\"http:\/\/elcensornoticias.com\/?p=56766\" rel=\"noopener noreferrer\">Lee m\u00e1s<span class=\"screen-reader-text\">: Fortalecer el marco legal para prevenir y sancionar la violencia obst\u00e9trica en Tlaxcala<\/span><\/a><\/div><\/li>\n<li><div class=\"wp-block-latest-posts__featured-image alignleft\"><a href=\"http:\/\/elcensornoticias.com\/?p=56706\" aria-label=\"Sancionar violencia digital mediante inteligencia artificial\"><img loading=\"lazy\" decoding=\"async\" width=\"300\" height=\"201\" src=\"http:\/\/elcensornoticias.com\/wp-content\/uploads\/2026\/03\/453f3363-06d6-4809-bf95-ba810c706382-300x201.jpg\" class=\"attachment-medium size-medium wp-post-image\" alt=\"\" style=\"\" srcset=\"http:\/\/elcensornoticias.com\/wp-content\/uploads\/2026\/03\/453f3363-06d6-4809-bf95-ba810c706382-300x201.jpg 300w, http:\/\/elcensornoticias.com\/wp-content\/uploads\/2026\/03\/453f3363-06d6-4809-bf95-ba810c706382-1024x685.jpg 1024w, http:\/\/elcensornoticias.com\/wp-content\/uploads\/2026\/03\/453f3363-06d6-4809-bf95-ba810c706382-768x514.jpg 768w, http:\/\/elcensornoticias.com\/wp-content\/uploads\/2026\/03\/453f3363-06d6-4809-bf95-ba810c706382-1536x1027.jpg 1536w, http:\/\/elcensornoticias.com\/wp-content\/uploads\/2026\/03\/453f3363-06d6-4809-bf95-ba810c706382-900x600.jpg 900w, http:\/\/elcensornoticias.com\/wp-content\/uploads\/2026\/03\/453f3363-06d6-4809-bf95-ba810c706382.jpg 1600w\" sizes=\"auto, (max-width: 300px) 100vw, 300px\" \/><\/a><\/div><a class=\"wp-block-latest-posts__post-title\" href=\"http:\/\/elcensornoticias.com\/?p=56706\">Sancionar violencia digital mediante inteligencia artificial<\/a><div class=\"wp-block-latest-posts__post-author\">por elcensornoticias<\/div><time datetime=\"2026-03-25T01:17:30+00:00\" class=\"wp-block-latest-posts__post-date\">marzo 25, 2026<\/time><div class=\"wp-block-latest-posts__post-excerpt\">LXV Legislatura aprueba reforma al C\u00f3digo Penal Las diputadas y diputados de la LXV Legislatura del Congreso del Estado de Tlaxcala aprobaron el Dictamen con Proyecto de Decreto presentado por&#8230; <a class=\"wp-block-latest-posts__read-more\" href=\"http:\/\/elcensornoticias.com\/?p=56706\" rel=\"noopener noreferrer\">Lee m\u00e1s<span class=\"screen-reader-text\">: Sancionar violencia digital mediante inteligencia artificial<\/span><\/a><\/div><\/li>\n<li><div class=\"wp-block-latest-posts__featured-image alignleft\"><a href=\"http:\/\/elcensornoticias.com\/?p=56687\" aria-label=\"Con letras doradas en el Congreso, el nombre de  primera diputada local en Tlaxcala\"><img loading=\"lazy\" decoding=\"async\" width=\"300\" height=\"200\" src=\"http:\/\/elcensornoticias.com\/wp-content\/uploads\/2026\/03\/0f8c0d89-8416-42c6-904f-c1a8756562a9-1-300x200.jpg\" class=\"attachment-medium size-medium wp-post-image\" alt=\"\" style=\"\" srcset=\"http:\/\/elcensornoticias.com\/wp-content\/uploads\/2026\/03\/0f8c0d89-8416-42c6-904f-c1a8756562a9-1-300x200.jpg 300w, http:\/\/elcensornoticias.com\/wp-content\/uploads\/2026\/03\/0f8c0d89-8416-42c6-904f-c1a8756562a9-1-1024x684.jpg 1024w, http:\/\/elcensornoticias.com\/wp-content\/uploads\/2026\/03\/0f8c0d89-8416-42c6-904f-c1a8756562a9-1-768x513.jpg 768w, http:\/\/elcensornoticias.com\/wp-content\/uploads\/2026\/03\/0f8c0d89-8416-42c6-904f-c1a8756562a9-1-900x600.jpg 900w, http:\/\/elcensornoticias.com\/wp-content\/uploads\/2026\/03\/0f8c0d89-8416-42c6-904f-c1a8756562a9-1.jpg 1280w\" sizes=\"auto, (max-width: 300px) 100vw, 300px\" \/><\/a><\/div><a class=\"wp-block-latest-posts__post-title\" href=\"http:\/\/elcensornoticias.com\/?p=56687\">Con letras doradas en el Congreso, el nombre de  primera diputada local en Tlaxcala<\/a><div class=\"wp-block-latest-posts__post-author\">por elcensornoticias<\/div><time datetime=\"2026-03-25T00:53:56+00:00\" class=\"wp-block-latest-posts__post-date\">marzo 25, 2026<\/time><div class=\"wp-block-latest-posts__post-excerpt\">Las diputadas y diputados, integrantes de la LXV Legislatura del Congreso del Estado de Tlaxcala, aprobaron por unanimidad el Dictamen con Proyecto de Decreto presentado por la Comisi\u00f3n de Puntos&#8230; <a class=\"wp-block-latest-posts__read-more\" href=\"http:\/\/elcensornoticias.com\/?p=56687\" rel=\"noopener noreferrer\">Lee m\u00e1s<span class=\"screen-reader-text\">: Con letras doradas en el Congreso, el nombre de  primera diputada local en Tlaxcala<\/span><\/a><\/div><\/li>\n<li><div class=\"wp-block-latest-posts__featured-image alignleft\"><a href=\"http:\/\/elcensornoticias.com\/?p=56674\" aria-label=\"Reconocer por Ley la salud menstrual y licencias laborales por endometriosis en Tlaxcala\"><img loading=\"lazy\" decoding=\"async\" width=\"300\" height=\"200\" src=\"http:\/\/elcensornoticias.com\/wp-content\/uploads\/2026\/03\/93293a5b-b403-4b43-b358-ad20963c2c0c-300x200.jpg\" class=\"attachment-medium size-medium wp-post-image\" alt=\"\" style=\"\" srcset=\"http:\/\/elcensornoticias.com\/wp-content\/uploads\/2026\/03\/93293a5b-b403-4b43-b358-ad20963c2c0c-300x200.jpg 300w, http:\/\/elcensornoticias.com\/wp-content\/uploads\/2026\/03\/93293a5b-b403-4b43-b358-ad20963c2c0c-1024x684.jpg 1024w, http:\/\/elcensornoticias.com\/wp-content\/uploads\/2026\/03\/93293a5b-b403-4b43-b358-ad20963c2c0c-768x513.jpg 768w, http:\/\/elcensornoticias.com\/wp-content\/uploads\/2026\/03\/93293a5b-b403-4b43-b358-ad20963c2c0c-900x600.jpg 900w, http:\/\/elcensornoticias.com\/wp-content\/uploads\/2026\/03\/93293a5b-b403-4b43-b358-ad20963c2c0c.jpg 1280w\" sizes=\"auto, (max-width: 300px) 100vw, 300px\" \/><\/a><\/div><a class=\"wp-block-latest-posts__post-title\" href=\"http:\/\/elcensornoticias.com\/?p=56674\">Reconocer por Ley la salud menstrual y licencias laborales por endometriosis en Tlaxcala<\/a><div class=\"wp-block-latest-posts__post-author\">por elcensornoticias<\/div><time datetime=\"2026-03-25T00:40:43+00:00\" class=\"wp-block-latest-posts__post-date\">marzo 25, 2026<\/time><div class=\"wp-block-latest-posts__post-excerpt\">En sesi\u00f3n ordinaria del Congreso del Estado, la diputada Mar\u00eda Ana Bertha Mastranzo Corona present\u00f3 la Iniciativa con proyecto de decreto para reformar y adicionar diversas disposiciones de la Ley&#8230; <a class=\"wp-block-latest-posts__read-more\" href=\"http:\/\/elcensornoticias.com\/?p=56674\" rel=\"noopener noreferrer\">Lee m\u00e1s<span class=\"screen-reader-text\">: Reconocer por Ley la salud menstrual y licencias laborales por endometriosis en Tlaxcala<\/span><\/a><\/div><\/li>\n<li><div class=\"wp-block-latest-posts__featured-image alignleft\"><a href=\"http:\/\/elcensornoticias.com\/?p=56671\" aria-label=\"Regular la gestaci\u00f3n subrogada para evitar explotaci\u00f3n reproductiva\"><img loading=\"lazy\" decoding=\"async\" width=\"300\" height=\"200\" src=\"http:\/\/elcensornoticias.com\/wp-content\/uploads\/2026\/03\/0d178fc3-178f-4b5d-833c-e79694f9210b-300x200.jpg\" class=\"attachment-medium size-medium wp-post-image\" alt=\"\" style=\"\" srcset=\"http:\/\/elcensornoticias.com\/wp-content\/uploads\/2026\/03\/0d178fc3-178f-4b5d-833c-e79694f9210b-300x200.jpg 300w, http:\/\/elcensornoticias.com\/wp-content\/uploads\/2026\/03\/0d178fc3-178f-4b5d-833c-e79694f9210b-1024x684.jpg 1024w, http:\/\/elcensornoticias.com\/wp-content\/uploads\/2026\/03\/0d178fc3-178f-4b5d-833c-e79694f9210b-768x513.jpg 768w, http:\/\/elcensornoticias.com\/wp-content\/uploads\/2026\/03\/0d178fc3-178f-4b5d-833c-e79694f9210b-900x600.jpg 900w, http:\/\/elcensornoticias.com\/wp-content\/uploads\/2026\/03\/0d178fc3-178f-4b5d-833c-e79694f9210b.jpg 1280w\" sizes=\"auto, (max-width: 300px) 100vw, 300px\" \/><\/a><\/div><a class=\"wp-block-latest-posts__post-title\" href=\"http:\/\/elcensornoticias.com\/?p=56671\">Regular la gestaci\u00f3n subrogada para evitar explotaci\u00f3n reproductiva<\/a><div class=\"wp-block-latest-posts__post-author\">por elcensornoticias<\/div><time datetime=\"2026-03-25T00:37:58+00:00\" class=\"wp-block-latest-posts__post-date\">marzo 25, 2026<\/time><div class=\"wp-block-latest-posts__post-excerpt\">Durante sesi\u00f3n ordinaria del Congreso del Estado, la diputada Laura Yamili Flores Lozano present\u00f3 la Iniciativa con proyecto de decreto para adicionar diversas disposiciones a la Ley que Garantiza el&#8230; <a class=\"wp-block-latest-posts__read-more\" href=\"http:\/\/elcensornoticias.com\/?p=56671\" rel=\"noopener noreferrer\">Lee m\u00e1s<span class=\"screen-reader-text\">: Regular la gestaci\u00f3n subrogada para evitar explotaci\u00f3n reproductiva<\/span><\/a><\/div><\/li>\n<li><div class=\"wp-block-latest-posts__featured-image alignleft\"><a href=\"http:\/\/elcensornoticias.com\/?p=56621\" aria-label=\"Condena diputada violencia pol\u00edtica contra las mujeres\"><img loading=\"lazy\" decoding=\"async\" width=\"300\" height=\"200\" src=\"http:\/\/elcensornoticias.com\/wp-content\/uploads\/2026\/03\/4bb36585-2685-46d5-853a-aaa0e7969401-300x200.jpg\" class=\"attachment-medium size-medium wp-post-image\" alt=\"\" style=\"\" srcset=\"http:\/\/elcensornoticias.com\/wp-content\/uploads\/2026\/03\/4bb36585-2685-46d5-853a-aaa0e7969401-300x200.jpg 300w, http:\/\/elcensornoticias.com\/wp-content\/uploads\/2026\/03\/4bb36585-2685-46d5-853a-aaa0e7969401-1024x684.jpg 1024w, http:\/\/elcensornoticias.com\/wp-content\/uploads\/2026\/03\/4bb36585-2685-46d5-853a-aaa0e7969401-768x513.jpg 768w, http:\/\/elcensornoticias.com\/wp-content\/uploads\/2026\/03\/4bb36585-2685-46d5-853a-aaa0e7969401-900x600.jpg 900w, http:\/\/elcensornoticias.com\/wp-content\/uploads\/2026\/03\/4bb36585-2685-46d5-853a-aaa0e7969401.jpg 1280w\" sizes=\"auto, (max-width: 300px) 100vw, 300px\" \/><\/a><\/div><a class=\"wp-block-latest-posts__post-title\" href=\"http:\/\/elcensornoticias.com\/?p=56621\">Condena diputada violencia pol\u00edtica contra las mujeres<\/a><div class=\"wp-block-latest-posts__post-author\">por elcensornoticias<\/div><time datetime=\"2026-03-20T01:13:55+00:00\" class=\"wp-block-latest-posts__post-date\">marzo 20, 2026<\/time><div class=\"wp-block-latest-posts__post-excerpt\">Con el objetivo de fortalecer la protecci\u00f3n de los derechos pol\u00edtico-electorales de las mujeres y erradicar cualquier forma de violencia en su contra, la diputada Laura Yamili Flores Lozano, present\u00f3&#8230; <a class=\"wp-block-latest-posts__read-more\" href=\"http:\/\/elcensornoticias.com\/?p=56621\" rel=\"noopener noreferrer\">Lee m\u00e1s<span class=\"screen-reader-text\">: Condena diputada violencia pol\u00edtica contra las mujeres<\/span><\/a><\/div><\/li>\n<li><div class=\"wp-block-latest-posts__featured-image alignleft\"><a href=\"http:\/\/elcensornoticias.com\/?p=56618\" aria-label=\"Fortalecer Ley de Movilidad y Seguridad Vial para reducir accidentes de motociclistas\"><img loading=\"lazy\" decoding=\"async\" width=\"300\" height=\"200\" src=\"http:\/\/elcensornoticias.com\/wp-content\/uploads\/2026\/03\/787d51c4-8cdb-4569-9cc1-cc8a8f763f86-300x200.jpg\" class=\"attachment-medium size-medium wp-post-image\" alt=\"\" style=\"\" srcset=\"http:\/\/elcensornoticias.com\/wp-content\/uploads\/2026\/03\/787d51c4-8cdb-4569-9cc1-cc8a8f763f86-300x200.jpg 300w, http:\/\/elcensornoticias.com\/wp-content\/uploads\/2026\/03\/787d51c4-8cdb-4569-9cc1-cc8a8f763f86-1024x684.jpg 1024w, http:\/\/elcensornoticias.com\/wp-content\/uploads\/2026\/03\/787d51c4-8cdb-4569-9cc1-cc8a8f763f86-768x513.jpg 768w, http:\/\/elcensornoticias.com\/wp-content\/uploads\/2026\/03\/787d51c4-8cdb-4569-9cc1-cc8a8f763f86-900x600.jpg 900w, http:\/\/elcensornoticias.com\/wp-content\/uploads\/2026\/03\/787d51c4-8cdb-4569-9cc1-cc8a8f763f86.jpg 1280w\" sizes=\"auto, (max-width: 300px) 100vw, 300px\" \/><\/a><\/div><a class=\"wp-block-latest-posts__post-title\" href=\"http:\/\/elcensornoticias.com\/?p=56618\">Fortalecer Ley de Movilidad y Seguridad Vial para reducir accidentes de motociclistas<\/a><div class=\"wp-block-latest-posts__post-author\">por elcensornoticias<\/div><time datetime=\"2026-03-20T01:11:26+00:00\" class=\"wp-block-latest-posts__post-date\">marzo 20, 2026<\/time><div class=\"wp-block-latest-posts__post-excerpt\">Con el objetivo de fortalecer la seguridad vial y reducir los accidentes en motocicleta, la diputada Madai P\u00e9rez Carrillo present\u00f3 ante el Pleno del Congreso del Estado la Iniciativa para&#8230; <a class=\"wp-block-latest-posts__read-more\" href=\"http:\/\/elcensornoticias.com\/?p=56618\" rel=\"noopener noreferrer\">Lee m\u00e1s<span class=\"screen-reader-text\">: Fortalecer Ley de Movilidad y Seguridad Vial para reducir accidentes de motociclistas<\/span><\/a><\/div><\/li>\n<li><div class=\"wp-block-latest-posts__featured-image alignleft\"><a href=\"http:\/\/elcensornoticias.com\/?p=56615\" aria-label=\"Armonizar Ley de Salud Mental con el nuevo modelo de atenci\u00f3n del sistema de salud\"><img loading=\"lazy\" decoding=\"async\" width=\"300\" height=\"200\" src=\"http:\/\/elcensornoticias.com\/wp-content\/uploads\/2026\/03\/a71085ad-f899-4dab-b14b-271cda0ed0c1-300x200.jpg\" class=\"attachment-medium size-medium wp-post-image\" alt=\"\" style=\"\" srcset=\"http:\/\/elcensornoticias.com\/wp-content\/uploads\/2026\/03\/a71085ad-f899-4dab-b14b-271cda0ed0c1-300x200.jpg 300w, http:\/\/elcensornoticias.com\/wp-content\/uploads\/2026\/03\/a71085ad-f899-4dab-b14b-271cda0ed0c1-1024x684.jpg 1024w, http:\/\/elcensornoticias.com\/wp-content\/uploads\/2026\/03\/a71085ad-f899-4dab-b14b-271cda0ed0c1-768x513.jpg 768w, http:\/\/elcensornoticias.com\/wp-content\/uploads\/2026\/03\/a71085ad-f899-4dab-b14b-271cda0ed0c1-900x600.jpg 900w, http:\/\/elcensornoticias.com\/wp-content\/uploads\/2026\/03\/a71085ad-f899-4dab-b14b-271cda0ed0c1.jpg 1280w\" sizes=\"auto, (max-width: 300px) 100vw, 300px\" \/><\/a><\/div><a class=\"wp-block-latest-posts__post-title\" href=\"http:\/\/elcensornoticias.com\/?p=56615\">Armonizar Ley de Salud Mental con el nuevo modelo de atenci\u00f3n del sistema de salud<\/a><div class=\"wp-block-latest-posts__post-author\">por elcensornoticias<\/div><time datetime=\"2026-03-20T01:05:51+00:00\" class=\"wp-block-latest-posts__post-date\">marzo 20, 2026<\/time><div class=\"wp-block-latest-posts__post-excerpt\">En el desarrollo de la D\u00e9cima Novena Sesi\u00f3n Ordinaria del Congreso del Estado, la diputada Sandra Guadalupe Aguilar Vega present\u00f3 ante el Pleno la Iniciativa por la que busca reformar&#8230; <a class=\"wp-block-latest-posts__read-more\" href=\"http:\/\/elcensornoticias.com\/?p=56615\" rel=\"noopener noreferrer\">Lee m\u00e1s<span class=\"screen-reader-text\">: Armonizar Ley de Salud Mental con el nuevo modelo de atenci\u00f3n del sistema de salud<\/span><\/a><\/div><\/li>\n<li><div class=\"wp-block-latest-posts__featured-image alignleft\"><a href=\"http:\/\/elcensornoticias.com\/?p=56571\" aria-label=\"Actualizar requisitos para jueces municipales en Tlaxcala\"><img loading=\"lazy\" decoding=\"async\" width=\"300\" height=\"200\" src=\"http:\/\/elcensornoticias.com\/wp-content\/uploads\/2026\/03\/b4174583-d9b4-446b-ab5e-aa842bbd0286-300x200.jpg\" class=\"attachment-medium size-medium wp-post-image\" alt=\"\" style=\"\" srcset=\"http:\/\/elcensornoticias.com\/wp-content\/uploads\/2026\/03\/b4174583-d9b4-446b-ab5e-aa842bbd0286-300x200.jpg 300w, http:\/\/elcensornoticias.com\/wp-content\/uploads\/2026\/03\/b4174583-d9b4-446b-ab5e-aa842bbd0286-1024x684.jpg 1024w, http:\/\/elcensornoticias.com\/wp-content\/uploads\/2026\/03\/b4174583-d9b4-446b-ab5e-aa842bbd0286-768x513.jpg 768w, http:\/\/elcensornoticias.com\/wp-content\/uploads\/2026\/03\/b4174583-d9b4-446b-ab5e-aa842bbd0286-900x600.jpg 900w, http:\/\/elcensornoticias.com\/wp-content\/uploads\/2026\/03\/b4174583-d9b4-446b-ab5e-aa842bbd0286.jpg 1280w\" sizes=\"auto, (max-width: 300px) 100vw, 300px\" \/><\/a><\/div><a class=\"wp-block-latest-posts__post-title\" href=\"http:\/\/elcensornoticias.com\/?p=56571\">Actualizar requisitos para jueces municipales en Tlaxcala<\/a><div class=\"wp-block-latest-posts__post-author\">por elcensornoticias<\/div><time datetime=\"2026-03-18T01:34:26+00:00\" class=\"wp-block-latest-posts__post-date\">marzo 18, 2026<\/time><div class=\"wp-block-latest-posts__post-excerpt\">En sesi\u00f3n ordinaria del Pleno del Congreso del Estado, la diputada Reyna Flor B\u00e1ez Lozano, integrante de la LXV Legislatura, present\u00f3 la Iniciativa para reformar el art\u00edculo 154 de la&#8230; <a class=\"wp-block-latest-posts__read-more\" href=\"http:\/\/elcensornoticias.com\/?p=56571\" rel=\"noopener noreferrer\">Lee m\u00e1s<span class=\"screen-reader-text\">: Actualizar requisitos para jueces municipales en Tlaxcala<\/span><\/a><\/div><\/li>\n<li><div class=\"wp-block-latest-posts__featured-image alignleft\"><a href=\"http:\/\/elcensornoticias.com\/?p=56517\" aria-label=\"Eval\u00faa Congreso afectaciones a su infraestructura tras manifestaciones por el 8M\"><img loading=\"lazy\" decoding=\"async\" width=\"300\" height=\"201\" src=\"http:\/\/elcensornoticias.com\/wp-content\/uploads\/2026\/03\/WhatsApp-Image-2026-03-09-at-10.36.28-300x201.jpeg\" class=\"attachment-medium size-medium wp-post-image\" alt=\"\" style=\"\" srcset=\"http:\/\/elcensornoticias.com\/wp-content\/uploads\/2026\/03\/WhatsApp-Image-2026-03-09-at-10.36.28-300x201.jpeg 300w, http:\/\/elcensornoticias.com\/wp-content\/uploads\/2026\/03\/WhatsApp-Image-2026-03-09-at-10.36.28.jpeg 600w\" sizes=\"auto, (max-width: 300px) 100vw, 300px\" \/><\/a><\/div><a class=\"wp-block-latest-posts__post-title\" href=\"http:\/\/elcensornoticias.com\/?p=56517\">Eval\u00faa Congreso afectaciones a su infraestructura tras manifestaciones por el 8M<\/a><div class=\"wp-block-latest-posts__post-author\">por elcensornoticias<\/div><time datetime=\"2026-03-10T01:25:42+00:00\" class=\"wp-block-latest-posts__post-date\">marzo 10, 2026<\/time><div class=\"wp-block-latest-posts__post-excerpt\">Tras las manifestaciones registradas este domingo 8 de marzo con motivo del D\u00eda Internacional de la Mujer, autoridades y personal del Congreso del Estado realizaron un recorrido de supervisi\u00f3n para&#8230; <a class=\"wp-block-latest-posts__read-more\" href=\"http:\/\/elcensornoticias.com\/?p=56517\" rel=\"noopener noreferrer\">Lee m\u00e1s<span class=\"screen-reader-text\">: Eval\u00faa Congreso afectaciones a su infraestructura tras manifestaciones por el 8M<\/span><\/a><\/div><\/li>\n<li><div class=\"wp-block-latest-posts__featured-image alignleft\"><a href=\"http:\/\/elcensornoticias.com\/?p=56474\" aria-label=\"\u201cNinalintzy de mi tierra\u201d, exposici\u00f3n que reconoce a mujeres Tlaxcaltecas\"><img loading=\"lazy\" decoding=\"async\" width=\"300\" height=\"200\" src=\"http:\/\/elcensornoticias.com\/wp-content\/uploads\/2026\/03\/41ef0e15-2a46-4be5-a6f9-843f8c8cf0a9-300x200.jpg\" class=\"attachment-medium size-medium wp-post-image\" alt=\"\" style=\"\" srcset=\"http:\/\/elcensornoticias.com\/wp-content\/uploads\/2026\/03\/41ef0e15-2a46-4be5-a6f9-843f8c8cf0a9-300x200.jpg 300w, http:\/\/elcensornoticias.com\/wp-content\/uploads\/2026\/03\/41ef0e15-2a46-4be5-a6f9-843f8c8cf0a9-1024x684.jpg 1024w, http:\/\/elcensornoticias.com\/wp-content\/uploads\/2026\/03\/41ef0e15-2a46-4be5-a6f9-843f8c8cf0a9-768x513.jpg 768w, http:\/\/elcensornoticias.com\/wp-content\/uploads\/2026\/03\/41ef0e15-2a46-4be5-a6f9-843f8c8cf0a9-900x600.jpg 900w, http:\/\/elcensornoticias.com\/wp-content\/uploads\/2026\/03\/41ef0e15-2a46-4be5-a6f9-843f8c8cf0a9.jpg 1280w\" sizes=\"auto, (max-width: 300px) 100vw, 300px\" \/><\/a><\/div><a class=\"wp-block-latest-posts__post-title\" href=\"http:\/\/elcensornoticias.com\/?p=56474\">\u201cNinalintzy de mi tierra\u201d, exposici\u00f3n que reconoce a mujeres Tlaxcaltecas<\/a><div class=\"wp-block-latest-posts__post-author\">por elcensornoticias<\/div><time datetime=\"2026-03-05T22:46:22+00:00\" class=\"wp-block-latest-posts__post-date\">marzo 5, 2026<\/time><div class=\"wp-block-latest-posts__post-excerpt\">En el Patio Vitral del Congreso del Estado se inaugur\u00f3 la exposici\u00f3n&nbsp;\u201cNinalintzy de mi tierra\u201d, obra de la artesana tlaxcalteca Norma Garc\u00eda, originaria del municipio de Xicohtzinco. A sus 53&#8230; <a class=\"wp-block-latest-posts__read-more\" href=\"http:\/\/elcensornoticias.com\/?p=56474\" rel=\"noopener noreferrer\">Lee m\u00e1s<span class=\"screen-reader-text\">: \u201cNinalintzy de mi tierra\u201d, exposici\u00f3n que reconoce a mujeres Tlaxcaltecas<\/span><\/a><\/div><\/li>\n<li><div class=\"wp-block-latest-posts__featured-image alignleft\"><a href=\"http:\/\/elcensornoticias.com\/?p=56459\" aria-label=\"Acciones para cerrar la brecha salarial entre mujeres y hombres\"><img loading=\"lazy\" decoding=\"async\" width=\"300\" height=\"200\" src=\"http:\/\/elcensornoticias.com\/wp-content\/uploads\/2026\/03\/7167a6a0-5877-45c6-847c-b0095f641d0f-300x200.jpg\" class=\"attachment-medium size-medium wp-post-image\" alt=\"\" style=\"\" srcset=\"http:\/\/elcensornoticias.com\/wp-content\/uploads\/2026\/03\/7167a6a0-5877-45c6-847c-b0095f641d0f-300x200.jpg 300w, http:\/\/elcensornoticias.com\/wp-content\/uploads\/2026\/03\/7167a6a0-5877-45c6-847c-b0095f641d0f-1024x684.jpg 1024w, http:\/\/elcensornoticias.com\/wp-content\/uploads\/2026\/03\/7167a6a0-5877-45c6-847c-b0095f641d0f-768x513.jpg 768w, http:\/\/elcensornoticias.com\/wp-content\/uploads\/2026\/03\/7167a6a0-5877-45c6-847c-b0095f641d0f-900x600.jpg 900w, http:\/\/elcensornoticias.com\/wp-content\/uploads\/2026\/03\/7167a6a0-5877-45c6-847c-b0095f641d0f.jpg 1280w\" sizes=\"auto, (max-width: 300px) 100vw, 300px\" \/><\/a><\/div><a class=\"wp-block-latest-posts__post-title\" href=\"http:\/\/elcensornoticias.com\/?p=56459\">Acciones para cerrar la brecha salarial entre mujeres y hombres<\/a><div class=\"wp-block-latest-posts__post-author\">por elcensornoticias<\/div><time datetime=\"2026-03-05T22:20:33+00:00\" class=\"wp-block-latest-posts__post-date\">marzo 5, 2026<\/time><div class=\"wp-block-latest-posts__post-excerpt\">En sesi\u00f3n del Pleno del Congreso del Estado, la Diputada Mar\u00eda Aurora Villeda Temoltzin present\u00f3 la Iniciativa para reformar la Ley de Igualdad Sustantiva entre Mujeres y Hombres del Estado&#8230; <a class=\"wp-block-latest-posts__read-more\" href=\"http:\/\/elcensornoticias.com\/?p=56459\" rel=\"noopener noreferrer\">Lee m\u00e1s<span class=\"screen-reader-text\">: Acciones para cerrar la brecha salarial entre mujeres y hombres<\/span><\/a><\/div><\/li>\n<li><div class=\"wp-block-latest-posts__featured-image alignleft\"><a href=\"http:\/\/elcensornoticias.com\/?p=56410\" aria-label=\"Armonizaci\u00f3n constitucional en materia electoral\"><img loading=\"lazy\" decoding=\"async\" width=\"300\" height=\"200\" src=\"http:\/\/elcensornoticias.com\/wp-content\/uploads\/2026\/03\/882f924d-5b92-44b3-9614-7d1f0097127b-300x200.jpg\" class=\"attachment-medium size-medium wp-post-image\" alt=\"\" style=\"\" srcset=\"http:\/\/elcensornoticias.com\/wp-content\/uploads\/2026\/03\/882f924d-5b92-44b3-9614-7d1f0097127b-300x200.jpg 300w, http:\/\/elcensornoticias.com\/wp-content\/uploads\/2026\/03\/882f924d-5b92-44b3-9614-7d1f0097127b-1024x684.jpg 1024w, http:\/\/elcensornoticias.com\/wp-content\/uploads\/2026\/03\/882f924d-5b92-44b3-9614-7d1f0097127b-768x513.jpg 768w, http:\/\/elcensornoticias.com\/wp-content\/uploads\/2026\/03\/882f924d-5b92-44b3-9614-7d1f0097127b-900x600.jpg 900w, http:\/\/elcensornoticias.com\/wp-content\/uploads\/2026\/03\/882f924d-5b92-44b3-9614-7d1f0097127b.jpg 1280w\" sizes=\"auto, (max-width: 300px) 100vw, 300px\" \/><\/a><\/div><a class=\"wp-block-latest-posts__post-title\" href=\"http:\/\/elcensornoticias.com\/?p=56410\">Armonizaci\u00f3n constitucional en materia electoral<\/a><div class=\"wp-block-latest-posts__post-author\">por elcensornoticias<\/div><time datetime=\"2026-03-03T21:48:35+00:00\" class=\"wp-block-latest-posts__post-date\">marzo 3, 2026<\/time><div class=\"wp-block-latest-posts__post-excerpt\">En sesi\u00f3n ordinaria del Pleno, el diputado H\u00e9ctor Israel Ortiz Ortiz, present\u00f3 la Iniciativa con Proyecto de Decreto por la que se reforma&nbsp;el art\u00edculo 95 de la Constituci\u00f3n Pol\u00edtica del&#8230; <a class=\"wp-block-latest-posts__read-more\" href=\"http:\/\/elcensornoticias.com\/?p=56410\" rel=\"noopener noreferrer\">Lee m\u00e1s<span class=\"screen-reader-text\">: Armonizaci\u00f3n constitucional en materia electoral<\/span><\/a><\/div><\/li>\n<li><div class=\"wp-block-latest-posts__featured-image alignleft\"><a href=\"http:\/\/elcensornoticias.com\/?p=56406\" aria-label=\"Proponen m\u00e1s tiempo para revisi\u00f3n de cuentas p\u00fablicas municipales\"><img loading=\"lazy\" decoding=\"async\" width=\"300\" height=\"200\" src=\"http:\/\/elcensornoticias.com\/wp-content\/uploads\/2026\/03\/b6b0e880-9efc-47e0-b411-4721a3104626-300x200.jpg\" class=\"attachment-medium size-medium wp-post-image\" alt=\"\" style=\"\" srcset=\"http:\/\/elcensornoticias.com\/wp-content\/uploads\/2026\/03\/b6b0e880-9efc-47e0-b411-4721a3104626-300x200.jpg 300w, http:\/\/elcensornoticias.com\/wp-content\/uploads\/2026\/03\/b6b0e880-9efc-47e0-b411-4721a3104626-1024x684.jpg 1024w, http:\/\/elcensornoticias.com\/wp-content\/uploads\/2026\/03\/b6b0e880-9efc-47e0-b411-4721a3104626-768x513.jpg 768w, http:\/\/elcensornoticias.com\/wp-content\/uploads\/2026\/03\/b6b0e880-9efc-47e0-b411-4721a3104626-900x600.jpg 900w, http:\/\/elcensornoticias.com\/wp-content\/uploads\/2026\/03\/b6b0e880-9efc-47e0-b411-4721a3104626.jpg 1280w\" sizes=\"auto, (max-width: 300px) 100vw, 300px\" \/><\/a><\/div><a class=\"wp-block-latest-posts__post-title\" href=\"http:\/\/elcensornoticias.com\/?p=56406\">Proponen m\u00e1s tiempo para revisi\u00f3n de cuentas p\u00fablicas municipales<\/a><div class=\"wp-block-latest-posts__post-author\">por elcensornoticias<\/div><time datetime=\"2026-03-03T21:46:03+00:00\" class=\"wp-block-latest-posts__post-date\">marzo 3, 2026<\/time><div class=\"wp-block-latest-posts__post-excerpt\">En sesi\u00f3n ordinaria de la LXV Legislatura, la diputada Gabriela Hern\u00e1ndez Islas, present\u00f3 la Iniciativa para reformar la fracci\u00f3n XII del art\u00edculo 41 de la Ley Municipal del Estado de&#8230; <a class=\"wp-block-latest-posts__read-more\" href=\"http:\/\/elcensornoticias.com\/?p=56406\" rel=\"noopener noreferrer\">Lee m\u00e1s<span class=\"screen-reader-text\">: Proponen m\u00e1s tiempo para revisi\u00f3n de cuentas p\u00fablicas municipales<\/span><\/a><\/div><\/li>\n<li><div class=\"wp-block-latest-posts__featured-image alignleft\"><a href=\"http:\/\/elcensornoticias.com\/?p=56327\" aria-label=\"Presentaci\u00f3n de libro sobre paridad y participaci\u00f3n pol\u00edtica de las mujeres\"><img loading=\"lazy\" decoding=\"async\" width=\"300\" height=\"200\" src=\"http:\/\/elcensornoticias.com\/wp-content\/uploads\/2026\/02\/e6e912f7-99e5-4675-85b4-36f604b84ef9-1-300x200.jpg\" class=\"attachment-medium size-medium wp-post-image\" alt=\"\" style=\"\" srcset=\"http:\/\/elcensornoticias.com\/wp-content\/uploads\/2026\/02\/e6e912f7-99e5-4675-85b4-36f604b84ef9-1-300x200.jpg 300w, http:\/\/elcensornoticias.com\/wp-content\/uploads\/2026\/02\/e6e912f7-99e5-4675-85b4-36f604b84ef9-1-1024x684.jpg 1024w, http:\/\/elcensornoticias.com\/wp-content\/uploads\/2026\/02\/e6e912f7-99e5-4675-85b4-36f604b84ef9-1-768x513.jpg 768w, http:\/\/elcensornoticias.com\/wp-content\/uploads\/2026\/02\/e6e912f7-99e5-4675-85b4-36f604b84ef9-1-900x600.jpg 900w, http:\/\/elcensornoticias.com\/wp-content\/uploads\/2026\/02\/e6e912f7-99e5-4675-85b4-36f604b84ef9-1.jpg 1280w\" sizes=\"auto, (max-width: 300px) 100vw, 300px\" \/><\/a><\/div><a class=\"wp-block-latest-posts__post-title\" href=\"http:\/\/elcensornoticias.com\/?p=56327\">Presentaci\u00f3n de libro sobre paridad y participaci\u00f3n pol\u00edtica de las mujeres<\/a><div class=\"wp-block-latest-posts__post-author\">por elcensornoticias<\/div><time datetime=\"2026-02-24T00:29:40+00:00\" class=\"wp-block-latest-posts__post-date\">febrero 24, 2026<\/time><div class=\"wp-block-latest-posts__post-excerpt\">La diputada Lorena Ruiz Garc\u00eda acompa\u00f1\u00f3 la presentaci\u00f3n del libro&nbsp;\u201cParidad y acceso de las mujeres a cargos de elecci\u00f3n en Tlaxcala: Tensiones y transformaciones desde la voz de las mujeres&#8230; <a class=\"wp-block-latest-posts__read-more\" href=\"http:\/\/elcensornoticias.com\/?p=56327\" rel=\"noopener noreferrer\">Lee m\u00e1s<span class=\"screen-reader-text\">: Presentaci\u00f3n de libro sobre paridad y participaci\u00f3n pol\u00edtica de las mujeres<\/span><\/a><\/div><\/li>\n<li><div class=\"wp-block-latest-posts__featured-image alignleft\"><a href=\"http:\/\/elcensornoticias.com\/?p=56241\" aria-label=\"Prohibir cirug\u00edas est\u00e9ticas en menores y tipificar la usurpaci\u00f3n de especialidad en cirug\u00eda pl\u00e1stica\"><img loading=\"lazy\" decoding=\"async\" width=\"300\" height=\"200\" src=\"http:\/\/elcensornoticias.com\/wp-content\/uploads\/2026\/02\/29d02e29-f265-4db5-b21d-986b1427ac29-300x200.jpg\" class=\"attachment-medium size-medium wp-post-image\" alt=\"\" style=\"\" srcset=\"http:\/\/elcensornoticias.com\/wp-content\/uploads\/2026\/02\/29d02e29-f265-4db5-b21d-986b1427ac29-300x200.jpg 300w, http:\/\/elcensornoticias.com\/wp-content\/uploads\/2026\/02\/29d02e29-f265-4db5-b21d-986b1427ac29-1024x684.jpg 1024w, http:\/\/elcensornoticias.com\/wp-content\/uploads\/2026\/02\/29d02e29-f265-4db5-b21d-986b1427ac29-768x513.jpg 768w, http:\/\/elcensornoticias.com\/wp-content\/uploads\/2026\/02\/29d02e29-f265-4db5-b21d-986b1427ac29-900x600.jpg 900w, http:\/\/elcensornoticias.com\/wp-content\/uploads\/2026\/02\/29d02e29-f265-4db5-b21d-986b1427ac29.jpg 1280w\" sizes=\"auto, (max-width: 300px) 100vw, 300px\" \/><\/a><\/div><a class=\"wp-block-latest-posts__post-title\" href=\"http:\/\/elcensornoticias.com\/?p=56241\">Prohibir cirug\u00edas est\u00e9ticas en menores y tipificar la usurpaci\u00f3n de especialidad en cirug\u00eda pl\u00e1stica<\/a><div class=\"wp-block-latest-posts__post-author\">por elcensornoticias<\/div><time datetime=\"2026-02-12T23:50:27+00:00\" class=\"wp-block-latest-posts__post-date\">febrero 12, 2026<\/time><div class=\"wp-block-latest-posts__post-excerpt\">La diputada Mar\u00eda Ana Bertha Mastranzo Corona present\u00f3 una Iniciativa para reformar y adicionar diversas disposiciones de la Ley de Salud del Estado de Tlaxcala, el C\u00f3digo Penal local y&#8230; <a class=\"wp-block-latest-posts__read-more\" href=\"http:\/\/elcensornoticias.com\/?p=56241\" rel=\"noopener noreferrer\">Lee m\u00e1s<span class=\"screen-reader-text\">: Prohibir cirug\u00edas est\u00e9ticas en menores y tipificar la usurpaci\u00f3n de especialidad en cirug\u00eda pl\u00e1stica<\/span><\/a><\/div><\/li>\n<\/ul>","protected":false},"excerpt":{"rendered":"","protected":false},"author":1,"featured_media":0,"parent":0,"menu_order":5,"comment_status":"closed","ping_status":"closed","template":"","meta":{"advanced_seo_description":"","jetpack_seo_html_title":"","jetpack_seo_noindex":false,"footnotes":""},"class_list":["post-480","page","type-page","status-publish","hentry"],"jetpack_likes_enabled":true,"jetpack_sharing_enabled":true,"jetpack_shortlink":"https:\/\/wp.me\/P6xy50-7K","_links":{"self":[{"href":"http:\/\/elcensornoticias.com\/index.php?rest_route=\/wp\/v2\/pages\/480","targetHints":{"allow":["GET"]}}],"collection":[{"href":"http:\/\/elcensornoticias.com\/index.php?rest_route=\/wp\/v2\/pages"}],"about":[{"href":"http:\/\/elcensornoticias.com\/index.php?rest_route=\/wp\/v2\/types\/page"}],"author":[{"embeddable":true,"href":"http:\/\/elcensornoticias.com\/index.php?rest_route=\/wp\/v2\/users\/1"}],"replies":[{"embeddable":true,"href":"http:\/\/elcensornoticias.com\/index.php?rest_route=%2Fwp%2Fv2%2Fcomments&post=480"}],"version-history":[{"count":4,"href":"http:\/\/elcensornoticias.com\/index.php?rest_route=\/wp\/v2\/pages\/480\/revisions"}],"predecessor-version":[{"id":5361,"href":"http:\/\/elcensornoticias.com\/index.php?rest_route=\/wp\/v2\/pages\/480\/revisions\/5361"}],"wp:attachment":[{"href":"http:\/\/elcensornoticias.com\/index.php?rest_route=%2Fwp%2Fv2%2Fmedia&parent=480"}],"curies":[{"name":"wp","href":"https:\/\/api.w.org\/{rel}","templated":true}]}}